{"id":1922,"date":"2022-05-31T12:44:59","date_gmt":"2022-05-31T12:44:59","guid":{"rendered":"https:\/\/www.aracartandresidency.com\/?page_id=1922"},"modified":"2022-05-31T12:45:05","modified_gmt":"2022-05-31T12:45:05","slug":"art-in-bucharest-mirela-baciak","status":"publish","type":"page","link":"https:\/\/www.aracartandresidency.com\/ro\/residency\/art-in-bucharest-mirela-baciak\/","title":{"rendered":"Art in Bucharest &#8211; Mirela Baciak"},"content":{"rendered":"<p>[et_pb_section fb_built=&#8221;1&#8243; _builder_version=&#8221;4.5.1&#8243; _module_preset=&#8221;default&#8221; background_color=&#8221;#0000ee&#8221; background_image=&#8221;https:\/\/www.aracartandresidency.com\/wp-content\/uploads\/2022\/05\/mirelaa.jpg&#8221; background_blend=&#8221;multiply&#8221; custom_margin=&#8221;||-93px|||&#8221; custom_padding=&#8221;100px||126px||false|false&#8221; hover_enabled=&#8221;0&#8243; title_text=&#8221;mirela\u00e2&#8221;][\/et_pb_section][et_pb_section fb_built=&#8221;1&#8243; _builder_version=&#8221;4.5.1&#8243; _module_preset=&#8221;default&#8221; custom_margin=&#8221;34px|||||&#8221; custom_padding=&#8221;45px|||||&#8221; custom_css_after=&#8221;display: block;||content: &#8221;;||width: 30px;||height:30px;||background:red;||border-radius: 50%;||position: absolute;||right: 10vw;||bottom: 10vh;&#8221;][et_pb_row column_structure=&#8221;2_5,3_5&#8243; _builder_version=&#8221;4.5.1&#8243; _module_preset=&#8221;default&#8221;][et_pb_column type=&#8221;2_5&#8243; _builder_version=&#8221;4.5.1&#8243; _module_preset=&#8221;default&#8221;][et_pb_image src=&#8221;https:\/\/www.aracartandresidency.com\/wp-content\/uploads\/2022\/05\/portrait-Mirela-Baciak.jpg&#8221; title_text=&#8221;portrait Mirela Baciak&#8221; module_class=&#8221;artist-picture&#8221; _builder_version=&#8221;4.5.1&#8243; _module_preset=&#8221;default&#8221; width=&#8221;44%&#8221; max_width=&#8221;44%&#8221; hover_enabled=&#8221;0&#8243;][\/et_pb_image][et_pb_text module_class=&#8221;artist-name&#8221; _builder_version=&#8221;4.5.1&#8243; _module_preset=&#8221;default&#8221; text_text_color=&#8221;#333333&#8243; hover_enabled=&#8221;0&#8243;]<\/p>\n<p>Mirela Baciak<\/p>\n<p>[\/et_pb_text][et_pb_text _builder_version=&#8221;4.5.1&#8243; _module_preset=&#8221;default&#8221; text_text_color=&#8221;#333333&#8243; hover_enabled=&#8221;0&#8243;]<\/p>\n<p>Mirela Baciak (n. 1987, Var\u0219ovia) este curatoare, cercet\u0103toare \u0219i contribuie ocazional \u00een publica\u021bii de art\u0103 vizual\u0103. Baciak are un masterat \u00een studii critice la Academia de Arte Frumoase din Viena, iar din 2019 este curatoare la festivalul Steirischer Herbst din Graz. Anterior, a lucrat la Public Art Munich (2018), a fost curatoare rezident\u0103 la Ujazdowski Castle Centre for Contemporary Art din Var\u0219ovia (2018), Talks Fellow la Dhaka Art Summit (2018) \u0219i fellow la Kunsthalle Wien (2017). \u00cen mod independent, a curatoriat Nature \\ nature la Kunstraum Nieder\u00f6sterreich (2019), Tribute to a Passerby, Salwa Aleryani la Sort Vienna (2019), Surface Tension (2022) la Belvedere21, Blicke Kino, \u0219i este co-curatoare a expozi\u021biei Suspension of Disbelief la Tank Shanghai (2023). Mirela Baciak locuie\u0219te la Viena \u0219i Graz.<\/p>\n<p>[\/et_pb_text][\/et_pb_column][et_pb_column type=&#8221;3_5&#8243; _builder_version=&#8221;4.5.1&#8243; _module_preset=&#8221;default&#8221; custom_padding=&#8221;|||20px|false|false&#8221; custom_padding_tablet=&#8221;|||0px|false|false&#8221; custom_padding_phone=&#8221;&#8221; custom_padding_last_edited=&#8221;on|tablet&#8221; border_width_left=&#8221;1px&#8221; border_width_left_tablet=&#8221;0px&#8221; border_width_left_phone=&#8221;&#8221; border_width_left_last_edited=&#8221;on|tablet&#8221;][et_pb_text _builder_version=&#8221;4.5.1&#8243; _module_preset=&#8221;default&#8221; text_text_color=&#8221;#333&#8243; header_font=&#8221;|||on|||||&#8221; header_font_size=&#8221;50px&#8221; hover_enabled=&#8221;0&#8243;]<\/p>\n<h1 id=\"seo_h1_tag\" class=\"_5gmx\" data-testid=\"event-permalink-event-name\">Arta \u00een Bucure\u0219ti<\/h1>\n<p>Text by Mirela Baciak<\/p>\n<p>\u00cen timpul reziden\u021bei ARAC am profitat de ocazia de a cunoa\u0219te scena artistic\u0103 din Bucure\u0219ti. Cercetarea mea a luat forma unor vizite \u00een studiouri cu arti\u0219ti din diferite genera\u021bii, vizite la muzee (at\u00e2t istorice, c\u00e2t \u0219i contemporane) \u0219i galerii. Am fost impresionat\u0103 \u00een mod pozitiv de implicarea galeriilor \u00een medierea vie\u021bii artistice din ora\u0219. Mi se pare c\u0103 galeriile din Bucure\u0219ti dep\u0103\u0219esc rolul institu\u021biilor \u00een ceea ce prive\u0219te medierea \u00eentre art\u0103 \u0219i publicul s\u0103u, nu doar prin expozi\u021biile de art\u0103, ci \u0219i prin organizarea de evenimente de tip talk-uri, \u00eent\u00e2lniri cu exper\u021bi din diferite domenii. Un exemplu \u00een acest sens este seria Insomnia Nights, organizat\u0103 de ARAC, care reune\u0219te actori locali \u0219i interna\u021bionali \u00eentr-un schimb valoros despre art\u0103 \u0219i discursurile sale.<\/p>\n<p>\u00cen conversa\u021biile \u0219i vizitele mele, am acordat o aten\u021bie deosebit\u0103 modului \u00een care identitatea de sine \u0219i alteritatea sunt reprezentate, precum \u0219i negociate. Acest interes este \u00eencorporat \u00een cercetarea mea \u00een curs de desf\u0103\u0219urare privind ospitalitatea ca modalitate de negociere a rela\u021biei etice cu Cel\u0103lalt. \u00cen acest context, am fost foarte impresionat\u0103 de practica artistic\u0103 a Aurorei Kiraly, ale c\u0103rei fotografii din seria Reconnection (2015-2016) pun la \u00eendoial\u0103 grani\u021ba dintre ea \u00eens\u0103\u0219i \u0219i natur\u0103. O creatur\u0103 fantastic\u0103 \u00een fa\u021ba mea. S\u0103 \u00eentorc capul sau s\u0103 o \u00eenfrunt? - spune una dintre legendele ei poetice suprapuse fotografiilor real\u00edzate \u00een acest\u0103 serie.<\/p>\n<p>A\u0219 dori s\u0103 remarc expozi\u021bia Vie\u021bi paralele o retrospectiv\u0103 a lui Ion Grigorescu - figur\u0103 central\u0103 a neo-avantgardei rom\u00e2ne\u0219ti - pe care am avut pl\u0103cerea s\u0103 o v\u0103d la MNAC Bucure\u0219ti (Muzeul Na\u021bional de Art\u0103 Contemporan\u0103 din Rom\u00e2nia). Expozi\u021bia a cuprins lucr\u0103ri ale lui Grigorescu din diferite perioade ale practicii sale, prezent\u00e2nd renumitele sale foto \u0219i video-performance-uri pentru camer\u0103, inclusiv Dialog cu pre\u0219edintele Ceau\u0219escu (1978) \u0219i reeditarea sa ulterioar\u0103 Dialog post-mortem cu Ceau\u0219escu (2007), \u00een care artistul a folosit o masc\u0103 exagerat\u0103 \u0219i a purtat o conversa\u021bie imaginar\u0103 cu pre\u0219edintele-dictator rom\u00e2n, aduc\u00e2nd fantoma sa din trecut pentru a reflecta asupra democra\u021biei din Rom\u00e2nia post-comunist\u0103.<\/p>\n<p>Am fost, de asemenea, foarte impresionat\u0103 de arti\u0219tii din genera\u021bia t\u00e2n\u0103r\u0103, \u00een special de artista Megan Dominescu, ale c\u0103rei covoare \u021besute manual, care seam\u0103n\u0103 estetic cu cultura online a meme-urilor, ofer\u0103 un comentariu pertinente despre via\u021ba \u00een societatea paranoic\u0103, post-capitalist\u0103, consumist\u0103 \u0219i adeseori absurd\u0103. La fel ca \u0219i practica multidisciplinar\u0103 \u0219i feminist\u0103 a Larisei Crun\u021beanu, ale c\u0103rei proiecte un pot fi puse clasificate u\u0219or \u00eentr-o anumit\u0103 paradigm\u0103 \u0219i care pun sub semnul \u00eentreb\u0103rii grani\u021bele dintre art\u0103 \u0219i via\u021b\u0103.<\/p>\n<p style=\"text-align: left;\"><a href=\"https:\/\/www.aracartandresidency.com\/ro\/insomnia-nights-mirela-baciak\/\">Insomnia Nights l Curator &#8211; talk with Linda Peitz\u00a0<\/a><\/p>\n<p>[\/et_pb_text][\/et_pb_column][\/et_pb_row][\/et_pb_section]<\/p>","protected":false},"excerpt":{"rendered":"<p>[et_pb_section fb_built=&#8221;1&#8243; _builder_version=&#8221;4.5.1&#8243; _module_preset=&#8221;default&#8221; background_color=&#8221;#0000ee&#8221; background_image=&#8221;https:\/\/www.aracartandresidency.com\/wp-content\/uploads\/2022\/05\/mirelaa.jpg&#8221; background_blend=&#8221;multiply&#8221; custom_margin=&#8221;||-93px|||&#8221; custom_padding=&#8221;100px||126px||false|false&#8221; hover_enabled=&#8221;0&#8243; title_text=&#8221;mirela\u00e2&#8221;][\/et_pb_section][et_pb_section fb_built=&#8221;1&#8243; _builder_version=&#8221;4.5.1&#8243; _module_preset=&#8221;default&#8221; custom_margin=&#8221;34px|||||&#8221; custom_padding=&#8221;45px|||||&#8221; custom_css_after=&#8221;display: block;||content: &#8221;;||width: 30px;||height:30px;||background:red;||border-radius: 50%;||position: absolute;||right: 10vw;||bottom: 10vh;&#8221;][et_pb_row column_structure=&#8221;2_5,3_5&#8243; _builder_version=&#8221;4.5.1&#8243; _module_preset=&#8221;default&#8221;][et_pb_column type=&#8221;2_5&#8243; _builder_version=&#8221;4.5.1&#8243; _module_preset=&#8221;default&#8221;][et_pb_image src=&#8221;https:\/\/www.aracartandresidency.com\/wp-content\/uploads\/2022\/05\/portrait-Mirela-Baciak.jpg&#8221; title_text=&#8221;portrait Mirela Baciak&#8221; module_class=&#8221;artist-picture&#8221; _builder_version=&#8221;4.5.1&#8243; _module_preset=&#8221;default&#8221; width=&#8221;44%&#8221; max_width=&#8221;44%&#8221; hover_enabled=&#8221;0&#8243;][\/et_pb_image][et_pb_text module_class=&#8221;artist-name&#8221; _builder_version=&#8221;4.5.1&#8243; _module_preset=&#8221;default&#8221; text_text_color=&#8221;#333333&#8243; hover_enabled=&#8221;0&#8243;] Mirela Baciak [\/et_pb_text][et_pb_text _builder_version=&#8221;4.5.1&#8243; _module_preset=&#8221;default&#8221; text_text_color=&#8221;#333333&#8243; hover_enabled=&#8221;0&#8243;] Mirela Baciak (b. [&hellip;]<\/p>","protected":false},"author":3,"featured_media":0,"parent":39,"menu_order":0,"comment_status":"closed","ping_status":"closed","template":"","meta":{"_et_pb_use_builder":"on","_et_pb_old_content":"","_et_gb_content_width":"","footnotes":""},"class_list":["post-1922","page","type-page","status-publish","hentry"],"yoast_head":"<!-- This site is optimized with the Yoast SEO plugin v26.5 - https:\/\/yoast.com\/wordpress\/plugins\/seo\/ -->\n<title>Art in Bucharest - Mirela Baciak - Arac Art And Residency<\/title>\n<meta name=\"description\" content=\"Presenting Bucharest experience by Linda Peitz. The curator was part of ARAC ART &amp; RESIDENCY, 2021.During the ARAC residency I seized the opportunity to get to know the artistic scene of Bucharest. My research took a form of studio visits with artists of various generations, site-visits to museums (both historical and contemporary), and galleries. I was positively struck by the engagement of galleries in\" \/>\n<meta name=\"robots\" content=\"index, follow, max-snippet:-1, max-image-preview:large, max-video-preview:-1\" \/>\n<link rel=\"canonical\" href=\"https:\/\/www.aracartandresidency.com\/ro\/residency\/art-in-bucharest-mirela-baciak\/\" \/>\n<meta property=\"og:locale\" content=\"ro_RO\" \/>\n<meta property=\"og:type\" content=\"article\" \/>\n<meta property=\"og:title\" content=\"Art in Bucharest - Mirela Baciak - Arac Art And Residency\" \/>\n<meta property=\"og:description\" content=\"Presenting Bucharest experience by Linda Peitz. The curator was part of ARAC ART &amp; RESIDENCY, 2021.During the ARAC residency I seized the opportunity to get to know the artistic scene of Bucharest. My research took a form of studio visits with artists of various generations, site-visits to museums (both historical and contemporary), and galleries. I was positively struck by the engagement of galleries in\" \/>\n<meta property=\"og:url\" content=\"https:\/\/www.aracartandresidency.com\/ro\/residency\/art-in-bucharest-mirela-baciak\/\" \/>\n<meta property=\"og:site_name\" content=\"Arac Art And Residency\" \/>\n<meta property=\"article:modified_time\" content=\"2022-05-31T12:45:05+00:00\" \/>\n<meta name=\"twitter:card\" content=\"summary_large_image\" \/>\n<meta name=\"twitter:label1\" content=\"Timp estimat pentru citire\" \/>\n\t<meta name=\"twitter:data1\" content=\"3 minute\" \/>\n<script type=\"application\/ld+json\" class=\"yoast-schema-graph\">{\"@context\":\"https:\/\/schema.org\",\"@graph\":[{\"@type\":\"WebPage\",\"@id\":\"https:\/\/www.aracartandresidency.com\/residency\/art-in-bucharest-mirela-baciak\/\",\"url\":\"https:\/\/www.aracartandresidency.com\/residency\/art-in-bucharest-mirela-baciak\/\",\"name\":\"Art in Bucharest - Mirela Baciak - Arac Art And Residency\",\"isPartOf\":{\"@id\":\"https:\/\/www.aracartandresidency.com\/#website\"},\"datePublished\":\"2022-05-31T12:44:59+00:00\",\"dateModified\":\"2022-05-31T12:45:05+00:00\",\"description\":\"Presenting Bucharest experience by Linda Peitz. The curator was part of ARAC ART & RESIDENCY, 2021.During the ARAC residency I seized the opportunity to get to know the artistic scene of Bucharest. My research took a form of studio visits with artists of various generations, site-visits to museums (both historical and contemporary), and galleries. I was positively struck by the engagement of galleries in\",\"breadcrumb\":{\"@id\":\"https:\/\/www.aracartandresidency.com\/residency\/art-in-bucharest-mirela-baciak\/#breadcrumb\"},\"inLanguage\":\"ro-RO\",\"potentialAction\":[{\"@type\":\"ReadAction\",\"target\":[\"https:\/\/www.aracartandresidency.com\/residency\/art-in-bucharest-mirela-baciak\/\"]}]},{\"@type\":\"BreadcrumbList\",\"@id\":\"https:\/\/www.aracartandresidency.com\/residency\/art-in-bucharest-mirela-baciak\/#breadcrumb\",\"itemListElement\":[{\"@type\":\"ListItem\",\"position\":1,\"name\":\"Home\",\"item\":\"https:\/\/www.aracartandresidency.com\/\"},{\"@type\":\"ListItem\",\"position\":2,\"name\":\"Residency\",\"item\":\"https:\/\/www.aracartandresidency.com\/residency\/\"},{\"@type\":\"ListItem\",\"position\":3,\"name\":\"Art in Bucharest &#8211; Mirela Baciak\"}]},{\"@type\":\"WebSite\",\"@id\":\"https:\/\/www.aracartandresidency.com\/#website\",\"url\":\"https:\/\/www.aracartandresidency.com\/\",\"name\":\"Arac Art And Residency\",\"description\":\"\",\"potentialAction\":[{\"@type\":\"SearchAction\",\"target\":{\"@type\":\"EntryPoint\",\"urlTemplate\":\"https:\/\/www.aracartandresidency.com\/?s={search_term_string}\"},\"query-input\":{\"@type\":\"PropertyValueSpecification\",\"valueRequired\":true,\"valueName\":\"search_term_string\"}}],\"inLanguage\":\"ro-RO\"}]}<\/script>\n<!-- \/ Yoast SEO plugin. -->","yoast_head_json":{"title":"Art in Bucharest - Mirela Baciak - Arac Art And Residency","description":"Presenting Bucharest experience by Linda Peitz. The curator was part of ARAC ART & RESIDENCY, 2021.During the ARAC residency I seized the opportunity to get to know the artistic scene of Bucharest. My research took a form of studio visits with artists of various generations, site-visits to museums (both historical and contemporary), and galleries. I was positively struck by the engagement of galleries in","robots":{"index":"index","follow":"follow","max-snippet":"max-snippet:-1","max-image-preview":"max-image-preview:large","max-video-preview":"max-video-preview:-1"},"canonical":"https:\/\/www.aracartandresidency.com\/ro\/residency\/art-in-bucharest-mirela-baciak\/","og_locale":"ro_RO","og_type":"article","og_title":"Art in Bucharest - Mirela Baciak - Arac Art And Residency","og_description":"Presenting Bucharest experience by Linda Peitz. The curator was part of ARAC ART & RESIDENCY, 2021.During the ARAC residency I seized the opportunity to get to know the artistic scene of Bucharest. My research took a form of studio visits with artists of various generations, site-visits to museums (both historical and contemporary), and galleries. I was positively struck by the engagement of galleries in","og_url":"https:\/\/www.aracartandresidency.com\/ro\/residency\/art-in-bucharest-mirela-baciak\/","og_site_name":"Arac Art And Residency","article_modified_time":"2022-05-31T12:45:05+00:00","twitter_card":"summary_large_image","twitter_misc":{"Timp estimat pentru citire":"3 minute"},"schema":{"@context":"https:\/\/schema.org","@graph":[{"@type":"WebPage","@id":"https:\/\/www.aracartandresidency.com\/residency\/art-in-bucharest-mirela-baciak\/","url":"https:\/\/www.aracartandresidency.com\/residency\/art-in-bucharest-mirela-baciak\/","name":"Art in Bucharest - Mirela Baciak - Arac Art And Residency","isPartOf":{"@id":"https:\/\/www.aracartandresidency.com\/#website"},"datePublished":"2022-05-31T12:44:59+00:00","dateModified":"2022-05-31T12:45:05+00:00","description":"Presenting Bucharest experience by Linda Peitz. The curator was part of ARAC ART & RESIDENCY, 2021.During the ARAC residency I seized the opportunity to get to know the artistic scene of Bucharest. My research took a form of studio visits with artists of various generations, site-visits to museums (both historical and contemporary), and galleries. I was positively struck by the engagement of galleries in","breadcrumb":{"@id":"https:\/\/www.aracartandresidency.com\/residency\/art-in-bucharest-mirela-baciak\/#breadcrumb"},"inLanguage":"ro-RO","potentialAction":[{"@type":"ReadAction","target":["https:\/\/www.aracartandresidency.com\/residency\/art-in-bucharest-mirela-baciak\/"]}]},{"@type":"BreadcrumbList","@id":"https:\/\/www.aracartandresidency.com\/residency\/art-in-bucharest-mirela-baciak\/#breadcrumb","itemListElement":[{"@type":"ListItem","position":1,"name":"Home","item":"https:\/\/www.aracartandresidency.com\/"},{"@type":"ListItem","position":2,"name":"Residency","item":"https:\/\/www.aracartandresidency.com\/residency\/"},{"@type":"ListItem","position":3,"name":"Art in Bucharest &#8211; Mirela Baciak"}]},{"@type":"WebSite","@id":"https:\/\/www.aracartandresidency.com\/#website","url":"https:\/\/www.aracartandresidency.com\/","name":"Arac Art And Residency","description":"","potentialAction":[{"@type":"SearchAction","target":{"@type":"EntryPoint","urlTemplate":"https:\/\/www.aracartandresidency.com\/?s={search_term_string}"},"query-input":{"@type":"PropertyValueSpecification","valueRequired":true,"valueName":"search_term_string"}}],"inLanguage":"ro-RO"}]}},"jetpack_sharing_enabled":true,"_links":{"self":[{"href":"https:\/\/www.aracartandresidency.com\/ro\/wp-json\/wp\/v2\/pages\/1922","targetHints":{"allow":["GET"]}}],"collection":[{"href":"https:\/\/www.aracartandresidency.com\/ro\/wp-json\/wp\/v2\/pages"}],"about":[{"href":"https:\/\/www.aracartandresidency.com\/ro\/wp-json\/wp\/v2\/types\/page"}],"author":[{"embeddable":true,"href":"https:\/\/www.aracartandresidency.com\/ro\/wp-json\/wp\/v2\/users\/3"}],"replies":[{"embeddable":true,"href":"https:\/\/www.aracartandresidency.com\/ro\/wp-json\/wp\/v2\/comments?post=1922"}],"version-history":[{"count":3,"href":"https:\/\/www.aracartandresidency.com\/ro\/wp-json\/wp\/v2\/pages\/1922\/revisions"}],"predecessor-version":[{"id":1926,"href":"https:\/\/www.aracartandresidency.com\/ro\/wp-json\/wp\/v2\/pages\/1922\/revisions\/1926"}],"up":[{"embeddable":true,"href":"https:\/\/www.aracartandresidency.com\/ro\/wp-json\/wp\/v2\/pages\/39"}],"wp:attachment":[{"href":"https:\/\/www.aracartandresidency.com\/ro\/wp-json\/wp\/v2\/media?parent=1922"}],"curies":[{"name":"wp","href":"https:\/\/api.w.org\/{rel}","templated":true}]}}